{"id":7659,"date":"2025-01-10T21:08:02","date_gmt":"2025-01-10T20:08:02","guid":{"rendered":"https:\/\/amicaledivter1.ch\/?page_id=7659"},"modified":"2026-02-26T14:17:57","modified_gmt":"2026-02-26T13:17:57","slug":"2025-accueil","status":"publish","type":"page","link":"https:\/\/amicaledivter1.ch\/","title":{"rendered":"2025 Accueil"},"content":{"rendered":"<p>[et_pb_section fb_built=\u00a0\u00bb1&Prime; _builder_version=\u00a0\u00bb4.27.4&Prime; _module_preset=\u00a0\u00bbdefault\u00a0\u00bb background_color=\u00a0\u00bb#FFFFFF\u00a0\u00bb max_width=\u00a0\u00bb83%\u00a0\u00bb module_alignment=\u00a0\u00bbcenter\u00a0\u00bb custom_margin=\u00a0\u00bb40px||||false|false\u00a0\u00bb custom_padding=\u00a0\u00bb11px|20px|20px|20px|false|false\u00a0\u00bb animation_style=\u00a0\u00bbfade\u00a0\u00bb global_colors_info=\u00a0\u00bb{}\u00a0\u00bb][et_pb_row _builder_version=\u00a0\u00bb4.27.4&Prime; _module_preset=\u00a0\u00bbdefault\u00a0\u00bb global_colors_info=\u00a0\u00bb{}\u00a0\u00bb][et_pb_column type=\u00a0\u00bb4_4&Prime; _builder_version=\u00a0\u00bb4.27.4&Prime; _module_preset=\u00a0\u00bbdefault\u00a0\u00bb global_colors_info=\u00a0\u00bb{}\u00a0\u00bb][et_pb_text _builder_version=\u00a0\u00bb4.27.4&Prime; _module_preset=\u00a0\u00bbdefault\u00a0\u00bb header_2_font=\u00a0\u00bb|700|||||||\u00a0\u00bb header_2_text_color=\u00a0\u00bbgcid-8d093138-12d9-4c84-92a0-a92f1306e380&Prime; header_2_font_size=\u00a0\u00bb44px\u00a0\u00bb custom_padding=\u00a0\u00bb||40px|||\u00a0\u00bb header_2_text_shadow_style=\u00a0\u00bbpreset3&Prime; global_colors_info=\u00a0\u00bb{%22gcid-8d093138-12d9-4c84-92a0-a92f1306e380%22:%91%22header_2_text_color%22%93}\u00a0\u00bb]<\/p>\n<h2 style=\"text-align: center;\">Bienvenue sur notre site<\/h2>\n<p>[\/et_pb_text][et_pb_divider color=\u00a0\u00bbgcid-8d093138-12d9-4c84-92a0-a92f1306e380&Prime; _builder_version=\u00a0\u00bb4.27.4&Prime; _module_preset=\u00a0\u00bbdefault\u00a0\u00bb width=\u00a0\u00bb16%\u00a0\u00bb module_alignment=\u00a0\u00bbcenter\u00a0\u00bb global_colors_info=\u00a0\u00bb{%22gcid-8d093138-12d9-4c84-92a0-a92f1306e380%22:%91%22color%22%93}\u00a0\u00bb][\/et_pb_divider][et_pb_text _builder_version=\u00a0\u00bb4.27.4&Prime; _module_preset=\u00a0\u00bbdefault\u00a0\u00bb global_colors_info=\u00a0\u00bb{}\u00a0\u00bb]<\/p>\n<h3 style=\"text-align: center;\">Bienvenue sur le site Internet des officiers d\u2019\u00e9tat-major ayant<\/h3>\n<h3 style=\"text-align: center;\">servis au sein de l\u2019\u00e9tat-major de la zone, r\u00e9gion et division territoriale 1 ou dans<\/h3>\n<h3 style=\"text-align: center;\">les \u00e9tats-majors des grandes unit\u00e9s romandes depuis A61.<\/h3>\n<p>[\/et_pb_text][et_pb_image src=\u00a0\u00bbhttps:\/\/amicaledivter1.ch\/wp-content\/uploads\/2025\/01\/20241026_123106-scaled-1.jpg\u00a0\u00bb title_text=\u00a0\u00bb20241026_123106-scaled-1&Prime; _builder_version=\u00a0\u00bb4.27.4&Prime; _module_preset=\u00a0\u00bbdefault\u00a0\u00bb global_colors_info=\u00a0\u00bb{}\u00a0\u00bb][\/et_pb_image][\/et_pb_column][\/et_pb_row][\/et_pb_section][et_pb_section fb_built=\u00a0\u00bb1&Prime; module_id=\u00a0\u00bblast_event\u00a0\u00bb _builder_version=\u00a0\u00bb4.27.4&Prime; _module_preset=\u00a0\u00bbdefault\u00a0\u00bb background_color=\u00a0\u00bb#FFFFFF\u00a0\u00bb max_width=\u00a0\u00bb83%\u00a0\u00bb module_alignment=\u00a0\u00bbcenter\u00a0\u00bb custom_margin=\u00a0\u00bb20px||||false|false\u00a0\u00bb custom_padding=\u00a0\u00bb11px|20px|20px|20px|false|false\u00a0\u00bb box_shadow_style=\u00a0\u00bbpreset3&Prime; global_colors_info=\u00a0\u00bb{}\u00a0\u00bb][et_pb_row _builder_version=\u00a0\u00bb4.27.4&Prime; _module_preset=\u00a0\u00bbdefault\u00a0\u00bb global_colors_info=\u00a0\u00bb{}\u00a0\u00bb][et_pb_column type=\u00a0\u00bb4_4&Prime; _builder_version=\u00a0\u00bb4.27.4&Prime; _module_preset=\u00a0\u00bbdefault\u00a0\u00bb global_colors_info=\u00a0\u00bb{}\u00a0\u00bb][et_pb_text _builder_version=\u00a0\u00bb4.27.4&Prime; _module_preset=\u00a0\u00bbdefault\u00a0\u00bb header_2_font=\u00a0\u00bb|700|||||||\u00a0\u00bb header_2_text_color=\u00a0\u00bbgcid-8d093138-12d9-4c84-92a0-a92f1306e380&Prime; header_2_font_size=\u00a0\u00bb44px\u00a0\u00bb custom_padding=\u00a0\u00bb||40px|||\u00a0\u00bb header_2_text_shadow_style=\u00a0\u00bbpreset3&Prime; global_colors_info=\u00a0\u00bb{%22gcid-8d093138-12d9-4c84-92a0-a92f1306e380%22:%91%22header_2_text_color%22%93}\u00a0\u00bb]<\/p>\n<h2 style=\"text-align: center;\">Prochains \u00e9v\u00e8nements<\/h2>\n<p>[\/et_pb_text][et_pb_divider color=\u00a0\u00bbgcid-8d093138-12d9-4c84-92a0-a92f1306e380&Prime; _builder_version=\u00a0\u00bb4.27.4&Prime; _module_preset=\u00a0\u00bbdefault\u00a0\u00bb width=\u00a0\u00bb16%\u00a0\u00bb module_alignment=\u00a0\u00bbcenter\u00a0\u00bb custom_css_free_form=\u00a0\u00bb.et_pb_post .et_pb_image_container img {||    width: 100%;||    height: 200px; \/* Ajuste selon ton besoin *\/||    object-fit: cover;||}\u00a0\u00bb global_colors_info=\u00a0\u00bb{%22gcid-8d093138-12d9-4c84-92a0-a92f1306e380%22:%91%22color%22%93}\u00a0\u00bb][\/et_pb_divider][et_pb_blog fullwidth=\u00a0\u00bboff\u00a0\u00bb posts_number=\u00a0\u00bb3&Prime; include_categories=\u00a0\u00bb123,120&Prime; excerpt_length=\u00a0\u00bb100&Prime; show_more=\u00a0\u00bbon\u00a0\u00bb show_author=\u00a0\u00bboff\u00a0\u00bb show_date=\u00a0\u00bboff\u00a0\u00bb show_categories=\u00a0\u00bboff\u00a0\u00bb show_pagination=\u00a0\u00bboff\u00a0\u00bb module_id=\u00a0\u00bbcustom-featured-image\u00a0\u00bb module_class=\u00a0\u00bbcustom-featured-image\u00a0\u00bb _builder_version=\u00a0\u00bb4.27.4&Prime; _module_preset=\u00a0\u00bbdefault\u00a0\u00bb header_font=\u00a0\u00bb|800|||||||\u00a0\u00bb header_text_align=\u00a0\u00bbcenter\u00a0\u00bb header_text_color=\u00a0\u00bbgcid-8d093138-12d9-4c84-92a0-a92f1306e380&Prime; header_font_size=\u00a0\u00bb23px\u00a0\u00bb header_line_height=\u00a0\u00bb1.1em\u00a0\u00bb body_text_align=\u00a0\u00bbleft\u00a0\u00bb meta_text_align=\u00a0\u00bbcenter\u00a0\u00bb meta_font_size=\u00a0\u00bb19px\u00a0\u00bb read_more_text_color=\u00a0\u00bbgcid-8d093138-12d9-4c84-92a0-a92f1306e380&Prime; read_more_font_size=\u00a0\u00bb16px\u00a0\u00bb read_more_line_height=\u00a0\u00bb3em\u00a0\u00bb animation_style=\u00a0\u00bbfade\u00a0\u00bb hover_enabled=\u00a0\u00bb0&Prime; border_color_all=\u00a0\u00bbRGBA(255,255,255,0)\u00a0\u00bb box_shadow_style=\u00a0\u00bbpreset2&Prime; global_colors_info=\u00a0\u00bb{%22gcid-8d093138-12d9-4c84-92a0-a92f1306e380%22:%91%22header_text_color%22,%22read_more_text_color%22%93}\u00a0\u00bb header_text_color__hover_enabled=\u00a0\u00bbon|hover\u00a0\u00bb header_text_color__hover=\u00a0\u00bb#58c241&Prime; sticky_enabled=\u00a0\u00bb0&Prime;][\/et_pb_blog][\/et_pb_column][\/et_pb_row][\/et_pb_section][et_pb_section fb_built=\u00a0\u00bb1&Prime; admin_label=\u00a0\u00bbOur Teachers Section\u00a0\u00bb module_id=\u00a0\u00bbcomite\u00a0\u00bb _builder_version=\u00a0\u00bb4.27.4&Prime; background_color=\u00a0\u00bb#fafbfc\u00a0\u00bb custom_padding=\u00a0\u00bb32px|0px|110px|0px||\u00a0\u00bb global_colors_info=\u00a0\u00bb{}\u00a0\u00bb][et_pb_row _builder_version=\u00a0\u00bb4.27.4&Prime; _module_preset=\u00a0\u00bbdefault\u00a0\u00bb global_colors_info=\u00a0\u00bb{}\u00a0\u00bb][et_pb_column type=\u00a0\u00bb4_4&Prime; _builder_version=\u00a0\u00bb4.27.4&Prime; _module_preset=\u00a0\u00bbdefault\u00a0\u00bb global_colors_info=\u00a0\u00bb{}\u00a0\u00bb][et_pb_text _builder_version=\u00a0\u00bb4.27.4&Prime; _module_preset=\u00a0\u00bbdefault\u00a0\u00bb header_2_font=\u00a0\u00bb|700|||||||\u00a0\u00bb header_2_text_color=\u00a0\u00bbgcid-8d093138-12d9-4c84-92a0-a92f1306e380&Prime; header_2_font_size=\u00a0\u00bb44px\u00a0\u00bb custom_padding=\u00a0\u00bb||40px|||\u00a0\u00bb header_2_text_shadow_style=\u00a0\u00bbpreset3&Prime; global_colors_info=\u00a0\u00bb{%22gcid-8d093138-12d9-4c84-92a0-a92f1306e380%22:%91%22header_2_text_color%22%93}\u00a0\u00bb]<\/p>\n<h2 style=\"text-align: center;\">Comit\u00e9<\/h2>\n<p>[\/et_pb_text][et_pb_divider color=\u00a0\u00bbgcid-8d093138-12d9-4c84-92a0-a92f1306e380&Prime; _builder_version=\u00a0\u00bb4.27.4&Prime; _module_preset=\u00a0\u00bbdefault\u00a0\u00bb width=\u00a0\u00bb16%\u00a0\u00bb module_alignment=\u00a0\u00bbcenter\u00a0\u00bb global_colors_info=\u00a0\u00bb{%22gcid-8d093138-12d9-4c84-92a0-a92f1306e380%22:%91%22color%22%93}\u00a0\u00bb][\/et_pb_divider][\/et_pb_column][\/et_pb_row][et_pb_row column_structure=\u00a0\u00bb1_3,1_3,1_3&Prime; use_custom_gutter=\u00a0\u00bbon\u00a0\u00bb gutter_width=\u00a0\u00bb2&Prime; make_equal=\u00a0\u00bbon\u00a0\u00bb custom_padding_last_edited=\u00a0\u00bbon|desktop\u00a0\u00bb _builder_version=\u00a0\u00bb4.27.4&Prime; max_width=\u00a0\u00bb1337px\u00a0\u00bb custom_padding=\u00a0\u00bb|||\u00a0\u00bb custom_padding_tablet=\u00a0\u00bb0px||0px|\u00a0\u00bb custom_padding_phone=\u00a0\u00bb\u00a0\u00bb locked=\u00a0\u00bboff\u00a0\u00bb global_colors_info=\u00a0\u00bb{}\u00a0\u00bb][et_pb_column type=\u00a0\u00bb1_3&Prime; _builder_version=\u00a0\u00bb4.16&Prime; custom_padding=\u00a0\u00bb|||\u00a0\u00bb global_colors_info=\u00a0\u00bb{}\u00a0\u00bb custom_padding__hover=\u00a0\u00bb|||\u00a0\u00bb][et_pb_team_member name=\u00a0\u00bbCol EMG Christophe Schalbetter\u00a0\u00bb position=\u00a0\u00bbPr\u00e9sident\u00a0\u00bb image_url=\u00a0\u00bbhttps:\/\/amicaledivter1.ch\/wp-content\/uploads\/2026\/02\/Schalbetter-e1770191712901.jpg\u00a0\u00bb icon_color=\u00a0\u00bb#44d89e\u00a0\u00bb _builder_version=\u00a0\u00bb4.27.4&Prime; header_font=\u00a0\u00bbPoppins|500|||||||\u00a0\u00bb header_text_color=\u00a0\u00bbgcid-8d093138-12d9-4c84-92a0-a92f1306e380&Prime; header_font_size=\u00a0\u00bb18px\u00a0\u00bb header_line_height=\u00a0\u00bb1.9em\u00a0\u00bb body_font=\u00a0\u00bbOpen Sans||||||||\u00a0\u00bb body_line_height=\u00a0\u00bb1.8em\u00a0\u00bb background_color=\u00a0\u00bb#ffffff\u00a0\u00bb text_orientation=\u00a0\u00bbcenter\u00a0\u00bb max_width=\u00a0\u00bb360px\u00a0\u00bb module_alignment=\u00a0\u00bbcenter\u00a0\u00bb custom_margin=\u00a0\u00bb|||\u00a0\u00bb custom_padding=\u00a0\u00bb30px|30px|30px|30px\u00a0\u00bb animation_style=\u00a0\u00bbfade\u00a0\u00bb border_radii=\u00a0\u00bbon|6px|6px|6px|6px\u00a0\u00bb box_shadow_style=\u00a0\u00bbpreset1&Prime; box_shadow_vertical=\u00a0\u00bb10px\u00a0\u00bb box_shadow_blur=\u00a0\u00bb24px\u00a0\u00bb box_shadow_spread=\u00a0\u00bb6px\u00a0\u00bb box_shadow_color=\u00a0\u00bbrgba(0,0,0,0.06)\u00a0\u00bb icon_hover_color=\u00a0\u00bb#353740&Prime; global_colors_info=\u00a0\u00bb{%22gcid-8d093138-12d9-4c84-92a0-a92f1306e380%22:%91%22header_text_color%22%93}\u00a0\u00bb icon_color__hover=\u00a0\u00bb#353740&Prime; icon_color__hover_enabled=\u00a0\u00bbon\u00a0\u00bb]<\/p>\n<p><span>T\u00e9l. +41 79 762 80 88<\/span><\/p>\n<h4><span style=\"color: #003300;\"><a href=\"https:\/\/amicaledivter1.ch\/index.php\/contact\/\" style=\"color: #003300;\"><strong>Contacter<\/strong><\/a><\/span><\/h4>\n<p>[\/et_pb_team_member][et_pb_team_member name=\u00a0\u00bbLt col B\u00e9at Mader\u00a0\u00bb position=\u00a0\u00bbWebmaster\u00a0\u00bb image_url=\u00a0\u00bbhttps:\/\/amicaledivter1.ch\/wp-content\/uploads\/2025\/03\/bmaeder.jpg\u00a0\u00bb icon_color=\u00a0\u00bb#44d89e\u00a0\u00bb _builder_version=\u00a0\u00bb4.27.4&Prime; header_font=\u00a0\u00bbPoppins|500|||||||\u00a0\u00bb header_text_color=\u00a0\u00bbgcid-8d093138-12d9-4c84-92a0-a92f1306e380&Prime; header_font_size=\u00a0\u00bb18px\u00a0\u00bb header_line_height=\u00a0\u00bb1.9em\u00a0\u00bb body_font=\u00a0\u00bbOpen Sans||||||||\u00a0\u00bb body_line_height=\u00a0\u00bb1.8em\u00a0\u00bb background_color=\u00a0\u00bb#ffffff\u00a0\u00bb text_orientation=\u00a0\u00bbcenter\u00a0\u00bb max_width=\u00a0\u00bb360px\u00a0\u00bb module_alignment=\u00a0\u00bbcenter\u00a0\u00bb custom_margin=\u00a0\u00bb|||\u00a0\u00bb custom_padding=\u00a0\u00bb30px|30px|30px|30px\u00a0\u00bb animation_style=\u00a0\u00bbfade\u00a0\u00bb border_radii=\u00a0\u00bbon|6px|6px|6px|6px\u00a0\u00bb box_shadow_style=\u00a0\u00bbpreset1&Prime; box_shadow_vertical=\u00a0\u00bb10px\u00a0\u00bb box_shadow_blur=\u00a0\u00bb24px\u00a0\u00bb box_shadow_spread=\u00a0\u00bb6px\u00a0\u00bb box_shadow_color=\u00a0\u00bbrgba(0,0,0,0.06)\u00a0\u00bb icon_hover_color=\u00a0\u00bb#353740&Prime; global_colors_info=\u00a0\u00bb{%22gcid-8d093138-12d9-4c84-92a0-a92f1306e380%22:%91%22header_text_color%22%93}\u00a0\u00bb icon_color__hover=\u00a0\u00bb#353740&Prime; icon_color__hover_enabled=\u00a0\u00bbon\u00a0\u00bb]<\/p>\n<p><span>T\u00e9l. +41 79 604 33 64<\/span><\/p>\n<h4><span style=\"color: #003300;\"><a href=\"https:\/\/amicaledivter1.ch\/index.php\/mail-webmaster\/\" style=\"color: #003300;\"><strong>Contacter<\/strong><\/a><\/span><\/h4>\n<p>[\/et_pb_team_member][\/et_pb_column][et_pb_column type=\u00a0\u00bb1_3&Prime; _builder_version=\u00a0\u00bb4.16&Prime; custom_padding=\u00a0\u00bb|||\u00a0\u00bb global_colors_info=\u00a0\u00bb{}\u00a0\u00bb custom_padding__hover=\u00a0\u00bb|||\u00a0\u00bb][et_pb_team_member name=\u00a0\u00bbCol Serge Monnerat\u00a0\u00bb position=\u00a0\u00bbSecr\u00e9taire et vice-pr\u00e9sident er\u00a0\u00bb image_url=\u00a0\u00bbhttps:\/\/amicaledivter1.ch\/wp-content\/uploads\/2025\/01\/S_Monnerat.jpg\u00a0\u00bb icon_color=\u00a0\u00bb#44d89e\u00a0\u00bb _builder_version=\u00a0\u00bb4.27.4&Prime; header_font=\u00a0\u00bbPoppins|500|||||||\u00a0\u00bb header_text_color=\u00a0\u00bbgcid-8d093138-12d9-4c84-92a0-a92f1306e380&Prime; header_font_size=\u00a0\u00bb18px\u00a0\u00bb header_line_height=\u00a0\u00bb1.9em\u00a0\u00bb body_font=\u00a0\u00bbOpen Sans||||||||\u00a0\u00bb body_line_height=\u00a0\u00bb1.8em\u00a0\u00bb background_color=\u00a0\u00bb#ffffff\u00a0\u00bb text_orientation=\u00a0\u00bbcenter\u00a0\u00bb max_width=\u00a0\u00bb360px\u00a0\u00bb module_alignment=\u00a0\u00bbcenter\u00a0\u00bb custom_margin=\u00a0\u00bb|||\u00a0\u00bb custom_padding=\u00a0\u00bb30px|30px|30px|30px\u00a0\u00bb animation_style=\u00a0\u00bbfade\u00a0\u00bb border_radii=\u00a0\u00bbon|6px|6px|6px|6px\u00a0\u00bb box_shadow_style=\u00a0\u00bbpreset1&Prime; box_shadow_vertical=\u00a0\u00bb10px\u00a0\u00bb box_shadow_blur=\u00a0\u00bb24px\u00a0\u00bb box_shadow_spread=\u00a0\u00bb6px\u00a0\u00bb box_shadow_color=\u00a0\u00bbrgba(0,0,0,0.06)\u00a0\u00bb icon_hover_color=\u00a0\u00bb#353740&Prime; global_colors_info=\u00a0\u00bb{%22gcid-8d093138-12d9-4c84-92a0-a92f1306e380%22:%91%22header_text_color%22%93}\u00a0\u00bb icon_color__hover=\u00a0\u00bb#353740&Prime; icon_color__hover_enabled=\u00a0\u00bbon\u00a0\u00bb]<\/p>\n<p><span>T\u00e9l. +41 79 628 55 59<\/span><\/p>\n<h4><span style=\"color: #003300;\"><a href=\"https:\/\/amicaledivter1.ch\/index.php\/mail-secretaire\/\" style=\"color: #003300;\"><strong>Contacter<\/strong><\/a><\/span><\/h4>\n<p>[\/et_pb_team_member][et_pb_team_member name=\u00a0\u00bbCol Herv\u00e9 Vuillerat\u00a0\u00bb position=\u00a0\u00bbMembre\u00a0\u00bb image_url=\u00a0\u00bbhttps:\/\/amicaledivter1.ch\/wp-content\/uploads\/2022\/02\/vuillerat.jpg\u00a0\u00bb icon_color=\u00a0\u00bb#44d89e\u00a0\u00bb _builder_version=\u00a0\u00bb4.27.4&Prime; header_font=\u00a0\u00bbPoppins|500|||||||\u00a0\u00bb header_text_color=\u00a0\u00bbgcid-8d093138-12d9-4c84-92a0-a92f1306e380&Prime; header_font_size=\u00a0\u00bb18px\u00a0\u00bb header_line_height=\u00a0\u00bb1.9em\u00a0\u00bb body_font=\u00a0\u00bbOpen Sans||||||||\u00a0\u00bb body_line_height=\u00a0\u00bb1.8em\u00a0\u00bb background_color=\u00a0\u00bb#ffffff\u00a0\u00bb text_orientation=\u00a0\u00bbcenter\u00a0\u00bb max_width=\u00a0\u00bb360px\u00a0\u00bb module_alignment=\u00a0\u00bbcenter\u00a0\u00bb custom_margin=\u00a0\u00bb|||\u00a0\u00bb custom_padding=\u00a0\u00bb30px|30px|30px|30px\u00a0\u00bb animation_style=\u00a0\u00bbfade\u00a0\u00bb border_radii=\u00a0\u00bbon|6px|6px|6px|6px\u00a0\u00bb box_shadow_style=\u00a0\u00bbpreset1&Prime; box_shadow_vertical=\u00a0\u00bb10px\u00a0\u00bb box_shadow_blur=\u00a0\u00bb24px\u00a0\u00bb box_shadow_spread=\u00a0\u00bb6px\u00a0\u00bb box_shadow_color=\u00a0\u00bbrgba(0,0,0,0.06)\u00a0\u00bb icon_hover_color=\u00a0\u00bb#353740&Prime; global_colors_info=\u00a0\u00bb{%22gcid-8d093138-12d9-4c84-92a0-a92f1306e380%22:%91%22header_text_color%22%93}\u00a0\u00bb icon_color__hover=\u00a0\u00bb#353740&Prime; icon_color__hover_enabled=\u00a0\u00bbon\u00a0\u00bb]<\/p>\n<p><span>T\u00e9l. +41 79 301 81 75<\/span><\/p>\n<h4><span style=\"color: #003300;\"><a href=\"https:\/\/amicaledivter1.ch\/index.php\/mail-col-herve-vuillerat\/\" style=\"color: #003300;\"><strong>Contacter<\/strong><\/a><\/span><\/h4>\n<p>[\/et_pb_team_member][\/et_pb_column][et_pb_column type=\u00a0\u00bb1_3&Prime; _builder_version=\u00a0\u00bb4.27.4&Prime; _module_preset=\u00a0\u00bbdefault\u00a0\u00bb global_colors_info=\u00a0\u00bb{}\u00a0\u00bb][et_pb_team_member name=\u00a0\u00bbCol Christophe Zurkinden\u00a0\u00bb position=\u00a0\u00bbTr\u00e9sorier\u00a0\u00bb image_url=\u00a0\u00bbhttps:\/\/amicaledivter1.ch\/wp-content\/uploads\/2025\/01\/C_Zurkinden.jpg\u00a0\u00bb icon_color=\u00a0\u00bb#44d89e\u00a0\u00bb _builder_version=\u00a0\u00bb4.27.4&Prime; header_font=\u00a0\u00bbPoppins|500|||||||\u00a0\u00bb header_text_color=\u00a0\u00bbgcid-8d093138-12d9-4c84-92a0-a92f1306e380&Prime; header_font_size=\u00a0\u00bb18px\u00a0\u00bb header_line_height=\u00a0\u00bb1.9em\u00a0\u00bb body_font=\u00a0\u00bbOpen Sans||||||||\u00a0\u00bb body_line_height=\u00a0\u00bb1.8em\u00a0\u00bb background_color=\u00a0\u00bb#ffffff\u00a0\u00bb text_orientation=\u00a0\u00bbcenter\u00a0\u00bb max_width=\u00a0\u00bb360px\u00a0\u00bb module_alignment=\u00a0\u00bbcenter\u00a0\u00bb custom_margin=\u00a0\u00bb|||\u00a0\u00bb custom_padding=\u00a0\u00bb30px|30px|30px|30px\u00a0\u00bb animation_style=\u00a0\u00bbfade\u00a0\u00bb border_radii=\u00a0\u00bbon|6px|6px|6px|6px\u00a0\u00bb box_shadow_style=\u00a0\u00bbpreset1&Prime; box_shadow_vertical=\u00a0\u00bb10px\u00a0\u00bb box_shadow_blur=\u00a0\u00bb24px\u00a0\u00bb box_shadow_spread=\u00a0\u00bb6px\u00a0\u00bb box_shadow_color=\u00a0\u00bbrgba(0,0,0,0.06)\u00a0\u00bb icon_hover_color=\u00a0\u00bb#353740&Prime; global_colors_info=\u00a0\u00bb{%22gcid-8d093138-12d9-4c84-92a0-a92f1306e380%22:%91%22header_text_color%22%93}\u00a0\u00bb icon_color__hover=\u00a0\u00bb#353740&Prime; icon_color__hover_enabled=\u00a0\u00bbon\u00a0\u00bb]<\/p>\n<p><span>T\u00e9l. +41 79 227 16 71<\/span><\/p>\n<h4><span style=\"color: #003300;\"><a href=\"https:\/\/amicaledivter1.ch\/index.php\/mail-tresorier\/\" style=\"color: #003300;\"><strong>Contacter<\/strong><\/a><\/span><\/h4>\n<p>[\/et_pb_team_member][et_pb_team_member name=\u00a0\u00bbLt col Dominique A. Desalmand\u00a0\u00bb position=\u00a0\u00bbMembre\u00a0\u00bb image_url=\u00a0\u00bbhttps:\/\/amicaledivter1.ch\/wp-content\/uploads\/2022\/11\/LtcolDominiqueADESALMAND.jpg\u00a0\u00bb icon_color=\u00a0\u00bb#44d89e\u00a0\u00bb _builder_version=\u00a0\u00bb4.27.4&Prime; header_font=\u00a0\u00bbPoppins|500|||||||\u00a0\u00bb header_text_color=\u00a0\u00bbgcid-8d093138-12d9-4c84-92a0-a92f1306e380&Prime; header_font_size=\u00a0\u00bb18px\u00a0\u00bb header_line_height=\u00a0\u00bb1.9em\u00a0\u00bb body_font=\u00a0\u00bbOpen Sans||||||||\u00a0\u00bb body_line_height=\u00a0\u00bb1.8em\u00a0\u00bb background_color=\u00a0\u00bb#ffffff\u00a0\u00bb text_orientation=\u00a0\u00bbcenter\u00a0\u00bb max_width=\u00a0\u00bb360px\u00a0\u00bb module_alignment=\u00a0\u00bbcenter\u00a0\u00bb custom_margin=\u00a0\u00bb|||\u00a0\u00bb custom_padding=\u00a0\u00bb30px|30px|30px|30px\u00a0\u00bb animation_style=\u00a0\u00bbfade\u00a0\u00bb border_radii=\u00a0\u00bbon|6px|6px|6px|6px\u00a0\u00bb box_shadow_style=\u00a0\u00bbpreset1&Prime; box_shadow_vertical=\u00a0\u00bb10px\u00a0\u00bb box_shadow_blur=\u00a0\u00bb24px\u00a0\u00bb box_shadow_spread=\u00a0\u00bb6px\u00a0\u00bb box_shadow_color=\u00a0\u00bbrgba(0,0,0,0.06)\u00a0\u00bb icon_hover_color=\u00a0\u00bb#353740&Prime; global_colors_info=\u00a0\u00bb{%22gcid-8d093138-12d9-4c84-92a0-a92f1306e380%22:%91%22header_text_color%22%93}\u00a0\u00bb icon_color__hover=\u00a0\u00bb#353740&Prime; icon_color__hover_enabled=\u00a0\u00bbon\u00a0\u00bb]<\/p>\n<p><span>T\u00e9l. +41 79 380 87 44<\/span><\/p>\n<h4><span style=\"color: #003300;\"><a href=\"https:\/\/amicaledivter1.ch\/index.php\/mail-lt-col-desalmand\/\" style=\"color: #003300;\"><strong>Contacter<\/strong><\/a><\/span><\/h4>\n<p>[\/et_pb_team_member][\/et_pb_column][\/et_pb_row][\/et_pb_section][et_pb_section fb_built=\u00a0\u00bb1&Prime; _builder_version=\u00a0\u00bb4.27.4&Prime; _module_preset=\u00a0\u00bbdefault\u00a0\u00bb background_color=\u00a0\u00bbRGBA(255,255,255,0)\u00a0\u00bb global_colors_info=\u00a0\u00bb{}\u00a0\u00bb][et_pb_row column_structure=\u00a0\u00bb1_3,1_3,1_3&Prime; make_equal=\u00a0\u00bbon\u00a0\u00bb _builder_version=\u00a0\u00bb4.27.4&Prime; _module_preset=\u00a0\u00bbdefault\u00a0\u00bb global_colors_info=\u00a0\u00bb{}\u00a0\u00bb][et_pb_column type=\u00a0\u00bb1_3&Prime; _builder_version=\u00a0\u00bb4.27.4&Prime; _module_preset=\u00a0\u00bbdefault\u00a0\u00bb global_colors_info=\u00a0\u00bb{}\u00a0\u00bb][et_pb_video src=\u00a0\u00bbhttps:\/\/tdinformatique.ch\/chronique_amicale.mp4&Prime; _builder_version=\u00a0\u00bb4.27.4&Prime; _module_preset=\u00a0\u00bbdefault\u00a0\u00bb global_colors_info=\u00a0\u00bb{}\u00a0\u00bb][\/et_pb_video][\/et_pb_column][et_pb_column type=\u00a0\u00bb1_3&Prime; _builder_version=\u00a0\u00bb4.27.4&Prime; _module_preset=\u00a0\u00bbdefault\u00a0\u00bb global_colors_info=\u00a0\u00bb{}\u00a0\u00bb][et_pb_video src=\u00a0\u00bbhttp:\/\/sitepourtest.ch\/video\/Video_Swiss_Raid_Commando_2007_f.mp4&Prime; image_src=\u00a0\u00bbhttps:\/\/amicaledivter1.ch\/wp-content\/uploads\/2025\/03\/video2.png\u00a0\u00bb _builder_version=\u00a0\u00bb4.27.4&Prime; _module_preset=\u00a0\u00bbdefault\u00a0\u00bb border_width_all=\u00a0\u00bb2px\u00a0\u00bb global_colors_info=\u00a0\u00bb{}\u00a0\u00bb][\/et_pb_video][\/et_pb_column][et_pb_column type=\u00a0\u00bb1_3&Prime; _builder_version=\u00a0\u00bb4.27.4&Prime; _module_preset=\u00a0\u00bbdefault\u00a0\u00bb global_colors_info=\u00a0\u00bb{}\u00a0\u00bb][et_pb_video src=\u00a0\u00bbhttp:\/\/sitepourtest.ch\/video\/Video_Swiss_Raid_Commando_1997_f.mp4&Prime; image_src=\u00a0\u00bbhttps:\/\/amicaledivter1.ch\/wp-content\/uploads\/2025\/03\/video_swiss_raid_commando-2.png\u00a0\u00bb _builder_version=\u00a0\u00bb4.27.4&Prime; _module_preset=\u00a0\u00bbdefault\u00a0\u00bb width=\u00a0\u00bb77%\u00a0\u00bb module_alignment=\u00a0\u00bbcenter\u00a0\u00bb height_last_edited=\u00a0\u00bboff|desktop\u00a0\u00bb global_colors_info=\u00a0\u00bb{}\u00a0\u00bb][\/et_pb_video][\/et_pb_column][\/et_pb_row][\/et_pb_section]<\/p>\n","protected":false},"excerpt":{"rendered":"<p>Bienvenue sur notre siteBienvenue sur le site Internet des officiers d\u2019\u00e9tat-major ayant servis au sein de l\u2019\u00e9tat-major de la zone, r\u00e9gion et division territoriale 1 ou dans les \u00e9tats-majors des [&hellip;]<\/p>\n","protected":false},"author":2,"featured_media":0,"parent":0,"menu_order":0,"comment_status":"closed","ping_status":"closed","template":"","meta":{"_acf_changed":false,"_et_pb_use_builder":"on","_et_pb_old_content":"","_et_gb_content_width":"","footnotes":""},"class_list":["post-7659","page","type-page","status-publish","hentry"],"acf":[],"_links":{"self":[{"href":"https:\/\/amicaledivter1.ch\/index.php\/wp-json\/wp\/v2\/pages\/7659","targetHints":{"allow":["GET"]}}],"collection":[{"href":"https:\/\/amicaledivter1.ch\/index.php\/wp-json\/wp\/v2\/pages"}],"about":[{"href":"https:\/\/amicaledivter1.ch\/index.php\/wp-json\/wp\/v2\/types\/page"}],"author":[{"embeddable":true,"href":"https:\/\/amicaledivter1.ch\/index.php\/wp-json\/wp\/v2\/users\/2"}],"replies":[{"embeddable":true,"href":"https:\/\/amicaledivter1.ch\/index.php\/wp-json\/wp\/v2\/comments?post=7659"}],"version-history":[{"count":43,"href":"https:\/\/amicaledivter1.ch\/index.php\/wp-json\/wp\/v2\/pages\/7659\/revisions"}],"predecessor-version":[{"id":8695,"href":"https:\/\/amicaledivter1.ch\/index.php\/wp-json\/wp\/v2\/pages\/7659\/revisions\/8695"}],"wp:attachment":[{"href":"https:\/\/amicaledivter1.ch\/index.php\/wp-json\/wp\/v2\/media?parent=7659"}],"curies":[{"name":"wp","href":"https:\/\/api.w.org\/{rel}","templated":true}]}}